{"id":1017,"date":"2026-01-29T14:21:47","date_gmt":"2026-01-29T17:21:47","guid":{"rendered":"https:\/\/boracultura.com.br\/?post_type=tribe_events&#038;p=1017"},"modified":"2026-01-29T14:21:47","modified_gmt":"2026-01-29T17:21:47","slug":"abertura-carnaval-com-a-pipoca-de-luiz-caldas","status":"publish","type":"tribe_events","link":"https:\/\/boracultura.com.br\/index.php\/evento\/abertura-carnaval-com-a-pipoca-de-luiz-caldas\/","title":{"rendered":"Abertura Carnaval com a Pipoca de Luiz Caldas"},"content":{"rendered":"<p>Pai da Ax\u00e9 Music abre a folia no Campo Grande e retorna \u00e0 avenida na Barra-Ondina com repert\u00f3rio de grandes cl\u00e1ssicos da festa.<\/p>\n<p>Criador do movimento que transformou a m\u00fasica baiana, Luiz Caldas, pai da Ax\u00e9 Music, realiza em 2026 mais um Carnaval \u00e0 frente da sua tradicional pipoca, arrastando uma multid\u00e3o de foli\u00f5es fi\u00e9is que atravessa gera\u00e7\u00f5es nos dois principais circuitos da festa. O cantor, compositor e multi-instrumentista inicia sua participa\u00e7\u00e3o na folia momesca no dia 12 de fevereiro, quinta-feira, na abertura oficial do Carnaval, no Circuito Campo Grande, e retorna \u00e0 avenida no dia 16 de fevereiro, segunda-feira, no Circuito Barra-Ondina, levando um repert\u00f3rio que combina celebra\u00e7\u00e3o, mem\u00f3ria e energia carnavalesca.<\/p>\n<p>Figura central da m\u00fasica brasileira contempor\u00e2nea, Luiz Caldas \u00e9 reconhecido como mestre da can\u00e7\u00e3o popular e um dos arquitetos sonoros da maior festa de rua do planeta. Com a vitalidade e a inventividade que marcam sua trajet\u00f3ria, o artista promete conduzir a pipoca com um setlist formado por cl\u00e1ssicos como Fricote, Haja Amor, Magia, Ajay\u00f4, Tieta, Beijo e Ax\u00e9 pra Lua, can\u00e7\u00f5es que se tornaram verdadeiros hinos da folia momesca e seguem embalando o p\u00fablico com a mesma for\u00e7a de d\u00e9cadas atr\u00e1s.<\/p>\n<p><strong>SERVI\u00c7O<\/strong><\/p>\n<p><strong>Luiz Caldas no Carnaval 2026<\/strong><\/p>\n<p><strong>Trio Pipoca<\/strong><br \/>\n<strong>Data:\u00a0<\/strong>12 de fevereiro (quarta-feira) \u2013 Abertura oficial do Carnaval<br \/>\n<strong>Onde:\u00a0<\/strong>Circuito Campo Grande \u2013 Salvador (BA)<\/p>\n<p><strong>Data:\u00a0<\/strong>16 de fevereiro (segunda-feira)<br \/>\n<strong>Onde:\u00a0<\/strong>Circuito Barra-Ondina \u2013 Salvador (BA)<\/p>\n<p><strong>Shows<\/strong><br \/>\n<strong>Data:<\/strong>\u00a015 de fevereiro (domingo) =<br \/>\n<strong>Onde:<\/strong>\u00a0Barra dos Coqueiros \u2013 Sergipe<\/p>\n<p><strong>Data:\u00a0<\/strong>17 de fevereiro (ter\u00e7a-feira)<br \/>\n<strong>Onde:<\/strong>\u00a0Camarote Planeta Band<\/p>\n","protected":false},"excerpt":{"rendered":"<p>Pai da Ax\u00e9 Music abre a folia no Campo Grande e retorna \u00e0 avenida na Barra-Ondina com repert\u00f3rio de grandes<\/p>\n","protected":false},"author":1,"featured_media":997,"template":"","meta":{"colormag_page_container_layout":"default_layout","colormag_page_sidebar_layout":"default_layout","_tribe_events_status":"","_tribe_events_status_reason":"","footnotes":""},"tags":[],"tribe_events_cat":[153,104,97],"class_list":["post-1017","tribe_events","type-tribe_events","status-publish","has-post-thumbnail","hentry","tribe_events_cat-carnaval","tribe_events_cat-festa-popular","tribe_events_cat-musica","cat_carnaval","cat_festa-popular","cat_musica"],"_links":{"self":[{"href":"https:\/\/boracultura.com.br\/index.php\/wp-json\/wp\/v2\/tribe_events\/1017","targetHints":{"allow":["GET"]}}],"collection":[{"href":"https:\/\/boracultura.com.br\/index.php\/wp-json\/wp\/v2\/tribe_events"}],"about":[{"href":"https:\/\/boracultura.com.br\/index.php\/wp-json\/wp\/v2\/types\/tribe_events"}],"author":[{"embeddable":true,"href":"https:\/\/boracultura.com.br\/index.php\/wp-json\/wp\/v2\/users\/1"}],"version-history":[{"count":1,"href":"https:\/\/boracultura.com.br\/index.php\/wp-json\/wp\/v2\/tribe_events\/1017\/revisions"}],"predecessor-version":[{"id":1020,"href":"https:\/\/boracultura.com.br\/index.php\/wp-json\/wp\/v2\/tribe_events\/1017\/revisions\/1020"}],"wp:featuredmedia":[{"embeddable":true,"href":"https:\/\/boracultura.com.br\/index.php\/wp-json\/wp\/v2\/media\/997"}],"wp:attachment":[{"href":"https:\/\/boracultura.com.br\/index.php\/wp-json\/wp\/v2\/media?parent=1017"}],"wp:term":[{"taxonomy":"post_tag","embeddable":true,"href":"https:\/\/boracultura.com.br\/index.php\/wp-json\/wp\/v2\/tags?post=1017"},{"taxonomy":"tribe_events_cat","embeddable":true,"href":"https:\/\/boracultura.com.br\/index.php\/wp-json\/wp\/v2\/tribe_events_cat?post=1017"}],"curies":[{"name":"wp","href":"https:\/\/api.w.org\/{rel}","templated":true}]}}