{"id":1146,"date":"2026-02-03T08:54:54","date_gmt":"2026-02-03T11:54:54","guid":{"rendered":"https:\/\/boracultura.com.br\/?post_type=tribe_events&#038;p=1146"},"modified":"2026-02-03T08:54:54","modified_gmt":"2026-02-03T11:54:54","slug":"forrozinho-bom-no-pre-carnaval","status":"publish","type":"tribe_events","link":"https:\/\/boracultura.com.br\/index.php\/evento\/forrozinho-bom-no-pre-carnaval\/","title":{"rendered":"Forrozinho Bom no Pr\u00e9-Carnaval"},"content":{"rendered":"<p>Venha celebrar um pr\u00e9-Carnaval cheio de energia com nosco no dia 07 de fevereiro, com um super Workshop de Forr\u00f3 Roots e um Baile com Trio P\u00e9 de Serra ao vivo e discotecagem com muito Forr\u00f3.<\/p>\n<p><img decoding=\"async\" class=\"emoji\" role=\"img\" draggable=\"false\" src=\"https:\/\/s.w.org\/images\/core\/emoji\/17.0.2\/svg\/1f4cc.svg\" alt=\"\ud83d\udccc\" \/>\u00a0<strong>Workshop<\/strong>\u00a017H \u00e0s 19H com:\u00a0@felipeabreuessencia , @danforrozin &amp; @melissa.kuhlmann<\/p>\n<p><img decoding=\"async\" class=\"emoji\" role=\"img\" draggable=\"false\" src=\"https:\/\/s.w.org\/images\/core\/emoji\/17.0.2\/svg\/1f4cc.svg\" alt=\"\ud83d\udccc\" \/>\u00a0<strong>Baile 19h \u00e1s 2h com<\/strong>: @esmerasanfona e discotecagem 100% Vinil de @djxiita i e DJ Baiano.<\/p>\n<p>Local:\u00a0<strong>Emporio Bourbon Beer<\/strong>\u00a0\u2013 Barris, Salvador \u2013 BA, 41290-570<br \/>\nRua general Labatut, 37<br \/>\n@emporiobombourbonbeer<\/p>\n<p><strong>Vendas:<\/strong><br \/>\nPrimeiro lote: At\u00e9 dia 31 de Janeiro \u2013 Acabou<\/p>\n<p><strong>Segundo lote<\/strong>: At\u00e9 dia 06 de fevereiro:<br \/>\nBaile = R$35<br \/>\nWorkshop = R$70<br \/>\nWorkshop + Baile = R$95<\/p>\n<p><strong>No dia:\u00a0<\/strong>Baile R$40 \u2013 Workshop R$80 \u2013 Workshop + Baile R$110<\/p>\n<p><strong>Garanta j\u00e1 seu ingresso antecipado!<\/strong><\/p>\n<p>Chave pix:\u00a0<a href=\"mailto:esmeratrio@gmail.com\">esmeratrio@gmail.com<\/a><br \/>\nFavor enviar o comprovante + nome e sobrenome.<\/p>\n<p>Informa\u00e7\u00f5es e comprovante: 71 997079221<\/p>\n","protected":false},"excerpt":{"rendered":"<p>Venha celebrar um pr\u00e9-Carnaval cheio de energia com nosco no dia 07 de fevereiro, com um super Workshop de Forr\u00f3<\/p>\n","protected":false},"author":1,"featured_media":1125,"template":"","meta":{"colormag_page_container_layout":"default_layout","colormag_page_sidebar_layout":"default_layout","_tribe_events_status":"","_tribe_events_status_reason":"","footnotes":""},"tags":[],"tribe_events_cat":[153,97],"class_list":["post-1146","tribe_events","type-tribe_events","status-publish","has-post-thumbnail","hentry","tribe_events_cat-carnaval","tribe_events_cat-musica","cat_carnaval","cat_musica"],"_links":{"self":[{"href":"https:\/\/boracultura.com.br\/index.php\/wp-json\/wp\/v2\/tribe_events\/1146","targetHints":{"allow":["GET"]}}],"collection":[{"href":"https:\/\/boracultura.com.br\/index.php\/wp-json\/wp\/v2\/tribe_events"}],"about":[{"href":"https:\/\/boracultura.com.br\/index.php\/wp-json\/wp\/v2\/types\/tribe_events"}],"author":[{"embeddable":true,"href":"https:\/\/boracultura.com.br\/index.php\/wp-json\/wp\/v2\/users\/1"}],"version-history":[{"count":1,"href":"https:\/\/boracultura.com.br\/index.php\/wp-json\/wp\/v2\/tribe_events\/1146\/revisions"}],"predecessor-version":[{"id":1150,"href":"https:\/\/boracultura.com.br\/index.php\/wp-json\/wp\/v2\/tribe_events\/1146\/revisions\/1150"}],"wp:featuredmedia":[{"embeddable":true,"href":"https:\/\/boracultura.com.br\/index.php\/wp-json\/wp\/v2\/media\/1125"}],"wp:attachment":[{"href":"https:\/\/boracultura.com.br\/index.php\/wp-json\/wp\/v2\/media?parent=1146"}],"wp:term":[{"taxonomy":"post_tag","embeddable":true,"href":"https:\/\/boracultura.com.br\/index.php\/wp-json\/wp\/v2\/tags?post=1146"},{"taxonomy":"tribe_events_cat","embeddable":true,"href":"https:\/\/boracultura.com.br\/index.php\/wp-json\/wp\/v2\/tribe_events_cat?post=1146"}],"curies":[{"name":"wp","href":"https:\/\/api.w.org\/{rel}","templated":true}]}}