{"id":1310,"date":"2026-02-18T23:43:10","date_gmt":"2026-02-19T02:43:10","guid":{"rendered":"https:\/\/boracultura.com.br\/?post_type=tribe_events&#038;p=1310"},"modified":"2026-02-18T23:45:24","modified_gmt":"2026-02-19T02:45:24","slug":"grupo-botequim","status":"publish","type":"tribe_events","link":"https:\/\/boracultura.com.br\/index.php\/evento\/grupo-botequim\/","title":{"rendered":"Grupo Botequim"},"content":{"rendered":"\r\n<p>Baile de samba \u00e0 fantasia traz como convidada a Roda de Choro Batatinha no P\u00e1tio da Igreja do Santo Ant\u00f4nio Al\u00e9m do Carmo.<\/p>\r\n\r\n\r\n\r\n<p>Nesta sexta-feira (20), o Grupo Botequim n\u00e3o vai deixar nem o samba nem o Carnaval acabar durante seu tradicional baile de ressaca no P\u00e1tio da Igreja do Santo Ant\u00f4nio Al\u00e9m do Carmo. A partir das 21h, a roda tem\u00e1tica convida a Roda de Choro Batatinha, que vai\u00a0 ajudar a prolongar um pouco mais a folia, abrindo a noite\u00a0 com marchinhas de Carnaval.<\/p>\r\n\r\n<p><strong>GRUPO BOTEQUIM \u2013<\/strong>\u00a0Ao longo de duas d\u00e9cadas, o Botequim construiu uma rela\u00e7\u00e3o s\u00f3lida e afetiva com o p\u00fablico soteropolitano, a partir da sua roda que j\u00e1 faz parte da agenda cultural da cidade, realizada todo m\u00eas sem falta, no P\u00e1tio da Igreja do Santo Ant\u00f4nio Al\u00e9m do Carmo. Essa tradi\u00e7\u00e3o consolidou o grupo como uma das principais refer\u00eancias do samba local e reafirma a valoriza\u00e7\u00e3o da cultura popular.<\/p>\r\n\r\n\r\n\r\n<p>O grupo \u00e9 formado por Roberto Ribeiro (cavaquinho e voz), Washington Rodrigues (viol\u00e3o e voz), Tito Fukunaga (flauta e percuss\u00e3o), Bolota (percuss\u00e3o), Lal\u00e1 Evangelista (percuss\u00e3o) e Brinquedo (surdo).<\/p>\r\n\r\n\r\n\r\n<p><strong>SERVI\u00c7O<\/strong> <strong>Ressaca de Carnaval do Grupo Botequim<\/strong> <strong>Local:<\/strong>\u00a0P\u00e1tio da Igreja do Santo Ant\u00f4nio Al\u00e9m do Carmo <strong>Data:<\/strong>\u00a020\/02 (sexta-feira) <strong>Hor\u00e1rio:<\/strong>\u00a021h | Abertura da casa \u00e0s 20h <strong>Ingressos:<\/strong>\u00a0<a href=\"https:\/\/www.sympla.com.br\/evento\/roda-de-samba-do-grupo-botequim-edicao-de-fevereiro\/3294382\" target=\"_blank\" rel=\"noreferrer noopener\">https:\/\/www.sympla.com.br\/evento\/roda-de-samba-do-grupo-botequim-edicao-de-fevereiro\/3294382<\/a><\/p>\r\n","protected":false},"excerpt":{"rendered":"<p>Baile de samba \u00e0 fantasia traz como convidada a Roda de Choro Batatinha no P\u00e1tio da Igreja do Santo Ant\u00f4nio<\/p>\n","protected":false},"author":1,"featured_media":1308,"template":"","meta":{"colormag_page_container_layout":"default_layout","colormag_page_sidebar_layout":"default_layout","_tribe_events_status":"","_tribe_events_status_reason":"","footnotes":""},"tags":[],"tribe_events_cat":[],"class_list":["post-1310","tribe_events","type-tribe_events","status-publish","has-post-thumbnail","hentry"],"_links":{"self":[{"href":"https:\/\/boracultura.com.br\/index.php\/wp-json\/wp\/v2\/tribe_events\/1310","targetHints":{"allow":["GET"]}}],"collection":[{"href":"https:\/\/boracultura.com.br\/index.php\/wp-json\/wp\/v2\/tribe_events"}],"about":[{"href":"https:\/\/boracultura.com.br\/index.php\/wp-json\/wp\/v2\/types\/tribe_events"}],"author":[{"embeddable":true,"href":"https:\/\/boracultura.com.br\/index.php\/wp-json\/wp\/v2\/users\/1"}],"version-history":[{"count":4,"href":"https:\/\/boracultura.com.br\/index.php\/wp-json\/wp\/v2\/tribe_events\/1310\/revisions"}],"predecessor-version":[{"id":1315,"href":"https:\/\/boracultura.com.br\/index.php\/wp-json\/wp\/v2\/tribe_events\/1310\/revisions\/1315"}],"wp:featuredmedia":[{"embeddable":true,"href":"https:\/\/boracultura.com.br\/index.php\/wp-json\/wp\/v2\/media\/1308"}],"wp:attachment":[{"href":"https:\/\/boracultura.com.br\/index.php\/wp-json\/wp\/v2\/media?parent=1310"}],"wp:term":[{"taxonomy":"post_tag","embeddable":true,"href":"https:\/\/boracultura.com.br\/index.php\/wp-json\/wp\/v2\/tags?post=1310"},{"taxonomy":"tribe_events_cat","embeddable":true,"href":"https:\/\/boracultura.com.br\/index.php\/wp-json\/wp\/v2\/tribe_events_cat?post=1310"}],"curies":[{"name":"wp","href":"https:\/\/api.w.org\/{rel}","templated":true}]}}