{"id":1715,"date":"2026-03-04T17:12:07","date_gmt":"2026-03-04T20:12:07","guid":{"rendered":"https:\/\/boracultura.com.br\/?post_type=tribe_events&#038;p=1715"},"modified":"2026-03-04T17:12:07","modified_gmt":"2026-03-04T20:12:07","slug":"festival-gonzagao","status":"publish","type":"tribe_events","link":"https:\/\/boracultura.com.br\/index.php\/evento\/festival-gonzagao\/","title":{"rendered":"Festival Gonzag\u00e3o"},"content":{"rendered":"<p>\u200bNos dias 7 e 8 de mar\u00e7o, o munic\u00edpio de Souto Soares sedia o hist\u00f3rico 1\u00ba Festival Gonzag\u00e3o de Forr\u00f3. O evento celebra a identidade cultural da cidade, consolidada como a &#8220;terra do forr\u00f3&#8221;, com uma programa\u00e7\u00e3o intensa que re\u00fane \u00edcones como Lucy Alves, Chambinho do Acordeon e Trio Nordestino.<\/p>\n<p>\u200bA festa come\u00e7a no s\u00e1bado (07), \u00e0s 16h, com um arrast\u00e3o animado pela Rural El\u00e9trica e o grupo Cabroeira. \u00c0 noite, o palco principal recebe artistas que mant\u00eam viva a ess\u00eancia do forr\u00f3 p\u00e9 de serra. No domingo (08), a programa\u00e7\u00e3o segue a partir das 15h, culminando em apresenta\u00e7\u00f5es de nomes como Cacau com Leite e Nonato Lima.<br \/>\n\u200bAl\u00e9m da m\u00fasica, o festival ser\u00e1 palco de um an\u00fancio aguardado: a divulga\u00e7\u00e3o oficial das grades de atra\u00e7\u00f5es para a Festa de Campo Alegre, o Arraial do Licuri 2026 e o anivers\u00e1rio de emancipa\u00e7\u00e3o pol\u00edtica da cidade. O evento conta com o apoio da Prefeitura de Souto Soares e do Governo do Estado da Bahia, reafirmando o compromisso com a tradi\u00e7\u00e3o nordestina.<br \/>\n\u200b<br \/>\n<strong>\u200bServi\u00e7o:<\/strong><br \/>\n\u200bEvento: 1\u00ba Festival Gonzag\u00e3o de Forr\u00f3<br \/>\n\u200bOnde: Souto Soares, Bahia<br \/>\n\u200bQuando: 7 e 8 de mar\u00e7o<br \/>\n\u200bHor\u00e1rio: A partir das 16h (S\u00e1bado) e 15h (Domingo)<\/p>\n<p>&nbsp;<\/p>\n","protected":false},"excerpt":{"rendered":"<p>\u200bConfira a programa\u00e7\u00e3o completa do 1\u00ba Festival Gonzag\u00e3o de Forr\u00f3 em Souto Soares. Com atra\u00e7\u00f5es como Lucy Alves e Trio Nordestino, o evento marca a hist\u00f3ria cultural da Bahia.<\/p>\n","protected":false},"author":1,"featured_media":1714,"template":"","meta":{"colormag_page_container_layout":"default_layout","colormag_page_sidebar_layout":"default_layout","_tribe_events_status":"","_tribe_events_status_reason":"","footnotes":""},"tags":[414,415,411,413,412],"tribe_events_cat":[97],"class_list":["post-1715","tribe_events","type-tribe_events","status-publish","has-post-thumbnail","hentry","tag-arraial-do-licuri-2026","tag-cultura-nordestina","tag-festival-gonzagao-de-forro","tag-forro-na-bahia","tag-souto-soares","tribe_events_cat-musica","cat_musica"],"_links":{"self":[{"href":"https:\/\/boracultura.com.br\/index.php\/wp-json\/wp\/v2\/tribe_events\/1715","targetHints":{"allow":["GET"]}}],"collection":[{"href":"https:\/\/boracultura.com.br\/index.php\/wp-json\/wp\/v2\/tribe_events"}],"about":[{"href":"https:\/\/boracultura.com.br\/index.php\/wp-json\/wp\/v2\/types\/tribe_events"}],"author":[{"embeddable":true,"href":"https:\/\/boracultura.com.br\/index.php\/wp-json\/wp\/v2\/users\/1"}],"version-history":[{"count":1,"href":"https:\/\/boracultura.com.br\/index.php\/wp-json\/wp\/v2\/tribe_events\/1715\/revisions"}],"predecessor-version":[{"id":1716,"href":"https:\/\/boracultura.com.br\/index.php\/wp-json\/wp\/v2\/tribe_events\/1715\/revisions\/1716"}],"wp:featuredmedia":[{"embeddable":true,"href":"https:\/\/boracultura.com.br\/index.php\/wp-json\/wp\/v2\/media\/1714"}],"wp:attachment":[{"href":"https:\/\/boracultura.com.br\/index.php\/wp-json\/wp\/v2\/media?parent=1715"}],"wp:term":[{"taxonomy":"post_tag","embeddable":true,"href":"https:\/\/boracultura.com.br\/index.php\/wp-json\/wp\/v2\/tags?post=1715"},{"taxonomy":"tribe_events_cat","embeddable":true,"href":"https:\/\/boracultura.com.br\/index.php\/wp-json\/wp\/v2\/tribe_events_cat?post=1715"}],"curies":[{"name":"wp","href":"https:\/\/api.w.org\/{rel}","templated":true}]}}