{"id":2276,"date":"2026-03-23T10:28:27","date_gmt":"2026-03-23T13:28:27","guid":{"rendered":"https:\/\/boracultura.com.br\/?post_type=tribe_events&#038;p=2276"},"modified":"2026-03-23T10:42:29","modified_gmt":"2026-03-23T13:42:29","slug":"bate-papo-com-baianasystem","status":"publish","type":"tribe_events","link":"https:\/\/boracultura.com.br\/index.php\/evento\/bate-papo-com-baianasystem\/","title":{"rendered":"Bate papo com BaianaSystem"},"content":{"rendered":"<p><strong>CAIXA CULTURAL SALVADOR RECEBE BAIANASYSTEM PARA BATE-PAPO<\/strong><br \/>\n<strong>&#8220;CARNAVAL DE PAZ E TRANSFORMA\u00c7\u00c3O&#8221;<\/strong><\/p>\n<p><i>Encontro, com entrada gratuita, re\u00fane artistas e convidados para refletir<\/i><br \/>\n<i>sobre m\u00fasica, identidade e cultura popular no dia 28 de mar\u00e7o<\/i><\/p>\n<p>A CAIXA Cultural Salvador recebe, no pr\u00f3ximo s\u00e1bado (28), um bate-papo especial com integrantes da\u00a0<strong>BaianaSystem<\/strong>, um dos grupos mais inovadores da m\u00fasica brasileira contempor\u00e2nea. Com o tema\u00a0<strong>&#8220;Carnaval de Paz e Transforma\u00e7\u00e3o&#8221;<\/strong>, o encontro prop\u00f5e uma reflex\u00e3o sobre os caminhos da m\u00fasica, das festas populares e das express\u00f5es culturais como territ\u00f3rios de cria\u00e7\u00e3o, identidade e mudan\u00e7a social.<\/p>\n<p>Dividido em dois momentos, a roda de di\u00e1logo re\u00fane artistas e pesquisadores para discutir desde a origem dos instrumentos que marcaram a m\u00fasica baiana, at\u00e9 quest\u00f5es subjetivas e simb\u00f3licas presentes na constru\u00e7\u00e3o art\u00edstica do grupo.<\/p>\n<p>No primeiro momento,\u00a0<strong>&#8220;Voz e Caminho \u2013 Dod\u00f4&#8221;<\/strong>, o debate percorre a hist\u00f3ria e a evolu\u00e7\u00e3o do trio el\u00e9trico a partir do\u00a0<strong>triolin e da guitarra baiana<\/strong>, instrumentos fundamentais para a identidade sonora do carnaval de Salvador. Participam os pesquisadores na \u00e1rea,\u00a0<strong>Carlinhos de Dod\u00f4\u00a0<\/strong>e<strong>\u00a0Marcus Devolder,\u00a0<\/strong>e Roberto Barreto, idealizador da BaianaSystem, respons\u00e1vel por expandir as possibilidades da guitarra baiana na m\u00fasica contempor\u00e2nea.<\/p>\n<p>J\u00e1 no segundo momento,\u00a0<strong>&#8220;Identidade, Express\u00e3o e a M\u00edstica do Baiana&#8221;,\u00a0<\/strong>a conversa re\u00fane o guitarrista Roberto Barreto, o vocalista Russo Passapusso e a psic\u00f3loga Iris Sinoti. O encontro mergulha nas rela\u00e7\u00f5es entre m\u00fasica, subjetividade, express\u00e3o art\u00edstica e pertencimento.<\/p>\n<p>As inscri\u00e7\u00f5es s\u00e3o gratuitas em formul\u00e1rio no site da\u00a0<a href=\"https:\/\/www.caixacultural.gov.br\/Paginas\/Salvador.aspx\" target=\"_blank\" rel=\"noopener noreferrer\">CAIXA Cultural Salvador<\/a>, a partir da segunda-feira (23), \u00e0s 12h. As vagas para o evento s\u00e3o limitadas e os participantes recebem a confirma\u00e7\u00e3o em at\u00e9 dois dias por e-mail.<\/p>\n<p>&nbsp;<\/p>\n<p><strong><u>Sobre Baiana System:<\/u><\/strong><\/p>\n<p>Criada em Salvador em 2009, a BaianaSystem nasceu da pesquisa sonora do guitarrista Roberto Barreto, que desenvolveu uma nova abordagem para a guitarra baiana, conectando o instrumento a influ\u00eancias do samba-reggae e da m\u00fasica eletr\u00f4nica. Com a entrada do vocalista Russo Passapusso, o grupo consolidou por sua fus\u00e3o de ritmos tradicionais da Bahia com sonoridades, ligados a uma linguagem pr\u00f3pria e marcada por letras que dialogam com quest\u00f5es sociais, urbanas e identit\u00e1rias.<\/p>\n<p>&nbsp;<\/p>\n<p><strong><u>Servi\u00e7o:<\/u><\/strong><\/p>\n<p><strong>[Bate-papo] BaianaSystem \u2013 Carnaval de Paz e Transforma\u00e7\u00e3o<br \/>\n<\/strong><strong>Local:\u00a0<\/strong>CAIXA Cultural Salvador<br \/>\n<strong>Endere\u00e7o<\/strong>: Rua Carlos Gomes 57, Centro \u2013 Salvador\/BA<br \/>\n<strong>Data:<\/strong>\u00a028 de mar\u00e7o de 2026 (s\u00e1bado)<br \/>\n<strong>Hor\u00e1rio:<\/strong>\u00a017h<br \/>\n<strong>Entrada gratuita<\/strong><\/p>\n<p><strong>Inscri\u00e7\u00f5es:<\/strong>\u00a0Site\u00a0<a href=\"https:\/\/www.caixacultural.gov.br\/Paginas\/Salvador.aspx\" target=\"_blank\" rel=\"noopener noreferrer\">CAIXA Cultural Salvador<\/a>\u00a0(a partir das 12h da segunda-feira, 23\/03)<br \/>\n<strong>Patroc\u00ednio:<\/strong>\u00a0CAIXA e Governo Federal<br \/>\n<strong>Informa\u00e7\u00f5es:\u00a0<\/strong>Site\u00a0<a href=\"https:\/\/www.caixacultural.gov.br\/Paginas\/Salvador.aspx\" target=\"_blank\" rel=\"noopener noreferrer\">CAIXA Cultural Salvador<\/a>\u00a0| Instagram\u00a0<a href=\"https:\/\/www.instagram.com\/caixaculturalsalvador\/\" target=\"_blank\" rel=\"noopener noreferrer\"> CAIXACulturalSalvador <\/a><br \/>\n<strong>C<\/strong><strong>lassifica\u00e7\u00e3o indicativa:\u00a0<\/strong>Livre<\/p>\n<p><strong>Acesso para pessoas com defici\u00eancia<\/strong><\/p>\n","protected":false},"excerpt":{"rendered":"<p>CAIXA CULTURAL SALVADOR RECEBE BAIANASYSTEM PARA BATE-PAPO &#8220;CARNAVAL DE PAZ E TRANSFORMA\u00c7\u00c3O&#8221; Encontro, com entrada gratuita, re\u00fane artistas e convidados<\/p>\n","protected":false},"author":1,"featured_media":2277,"template":"","meta":{"colormag_page_container_layout":"default_layout","colormag_page_sidebar_layout":"default_layout","_tribe_events_status":"","_tribe_events_status_reason":"","footnotes":""},"tags":[1057,1058,1056,36,71,1059],"tribe_events_cat":[97],"class_list":["post-2276","tribe_events","type-tribe_events","status-publish","has-post-thumbnail","hentry","tag-baiana","tag-baianasystem","tag-batepapo","tag-cultura","tag-musica","tag-system","tribe_events_cat-musica","cat_musica"],"_links":{"self":[{"href":"https:\/\/boracultura.com.br\/index.php\/wp-json\/wp\/v2\/tribe_events\/2276","targetHints":{"allow":["GET"]}}],"collection":[{"href":"https:\/\/boracultura.com.br\/index.php\/wp-json\/wp\/v2\/tribe_events"}],"about":[{"href":"https:\/\/boracultura.com.br\/index.php\/wp-json\/wp\/v2\/types\/tribe_events"}],"author":[{"embeddable":true,"href":"https:\/\/boracultura.com.br\/index.php\/wp-json\/wp\/v2\/users\/1"}],"version-history":[{"count":2,"href":"https:\/\/boracultura.com.br\/index.php\/wp-json\/wp\/v2\/tribe_events\/2276\/revisions"}],"predecessor-version":[{"id":2279,"href":"https:\/\/boracultura.com.br\/index.php\/wp-json\/wp\/v2\/tribe_events\/2276\/revisions\/2279"}],"wp:featuredmedia":[{"embeddable":true,"href":"https:\/\/boracultura.com.br\/index.php\/wp-json\/wp\/v2\/media\/2277"}],"wp:attachment":[{"href":"https:\/\/boracultura.com.br\/index.php\/wp-json\/wp\/v2\/media?parent=2276"}],"wp:term":[{"taxonomy":"post_tag","embeddable":true,"href":"https:\/\/boracultura.com.br\/index.php\/wp-json\/wp\/v2\/tags?post=2276"},{"taxonomy":"tribe_events_cat","embeddable":true,"href":"https:\/\/boracultura.com.br\/index.php\/wp-json\/wp\/v2\/tribe_events_cat?post=2276"}],"curies":[{"name":"wp","href":"https:\/\/api.w.org\/{rel}","templated":true}]}}