{"id":437,"date":"2026-01-12T22:09:06","date_gmt":"2026-01-13T01:09:06","guid":{"rendered":"https:\/\/boracultura.com.br\/?post_type=tribe_events&#038;p=437"},"modified":"2026-01-14T21:49:17","modified_gmt":"2026-01-15T00:49:17","slug":"jam-no-mam-janeiro","status":"publish","type":"tribe_events","link":"https:\/\/boracultura.com.br\/index.php\/evento\/jam-no-mam-janeiro\/","title":{"rendered":"JAM no MAM"},"content":{"rendered":"<p>A pr\u00f3xima JAM no MAM ser\u00e1 em 2026, no dia 31 de janeiro, na Pra\u00e7a Maestro Letieres Leite (p\u00e1tio do Museu de Arte Moderna da Bahia, no Solar do Unh\u00e3o). \u00a0Os ingressos da JAM no MAM devem ser garantidos atrav\u00e9s da plataforma INGRESSE.COM.<\/p>\n<p>A <b>JAM no MAM<\/b>\u00a0faz uma invers\u00e3o das tradicionais\u00a0<i>jam sessions<\/i>: antes dos m\u00fasicos sa\u00edrem para tocar nas in\u00fameras festas que acontecem na cidade, eles t\u00eam a oportunidade de se reunir ao p\u00f4r do sol.<\/p>\n<p>Para seus criadores, a\u00a0<b>JAM no MAM<\/b>\u00a0surgiu de uma necessidade de se fazer m\u00fasica fora dos formatos habituais do mercado baiano. Mercado esse que, ao mesmo tempo em que emprega e estimula a m\u00e3o de obra local, tira de circula\u00e7\u00e3o a figura do m\u00fasico idealista, que se dedica a um tipo de m\u00fasica considerado \u201cfora dos padr\u00f5es\u201d das r\u00e1dios, festas e casas de espet\u00e1culo locais.<\/p>\n<p>Representando um espa\u00e7o aberto \u00e0 participa\u00e7\u00e3o de quaisquer instrumentistas, desde que sejam profissionais ou em forma\u00e7\u00e3o, as\u00a0<i>jams<\/i>\u00a0passam a ser um dos poucos espa\u00e7os na cidade para a pr\u00e1tica do jazz com total liberdade art\u00edstica, possibilitando o exerc\u00edcio da improvisa\u00e7\u00e3o. Al\u00e9m de contribuir para a forma\u00e7\u00e3o de plateia da m\u00fasica instrumental e para o interc\u00e2mbio entre m\u00fasicos que estejam de passagem na cidade, o projeto proporciona um espa\u00e7o aberto para que artistas jovens, ainda em forma\u00e7\u00e3o, possam tocar e exercitar a arte da improvisa\u00e7\u00e3o ao lado de m\u00fasicos profissionais.<\/p>\n","protected":false},"excerpt":{"rendered":"<p>A pr\u00f3xima JAM no MAM ser\u00e1 em 2026, no dia 31 de janeiro, na Pra\u00e7a Maestro Letieres Leite (p\u00e1tio do<\/p>\n","protected":false},"author":1,"featured_media":439,"template":"","meta":{"colormag_page_container_layout":"default_layout","colormag_page_sidebar_layout":"default_layout","_tribe_events_status":"","_tribe_events_status_reason":"","footnotes":""},"tags":[73],"tribe_events_cat":[97],"class_list":["post-437","tribe_events","type-tribe_events","status-publish","has-post-thumbnail","hentry","tag-jam-no-mam","tribe_events_cat-musica","cat_musica"],"_links":{"self":[{"href":"https:\/\/boracultura.com.br\/index.php\/wp-json\/wp\/v2\/tribe_events\/437","targetHints":{"allow":["GET"]}}],"collection":[{"href":"https:\/\/boracultura.com.br\/index.php\/wp-json\/wp\/v2\/tribe_events"}],"about":[{"href":"https:\/\/boracultura.com.br\/index.php\/wp-json\/wp\/v2\/types\/tribe_events"}],"author":[{"embeddable":true,"href":"https:\/\/boracultura.com.br\/index.php\/wp-json\/wp\/v2\/users\/1"}],"version-history":[{"count":3,"href":"https:\/\/boracultura.com.br\/index.php\/wp-json\/wp\/v2\/tribe_events\/437\/revisions"}],"predecessor-version":[{"id":615,"href":"https:\/\/boracultura.com.br\/index.php\/wp-json\/wp\/v2\/tribe_events\/437\/revisions\/615"}],"wp:featuredmedia":[{"embeddable":true,"href":"https:\/\/boracultura.com.br\/index.php\/wp-json\/wp\/v2\/media\/439"}],"wp:attachment":[{"href":"https:\/\/boracultura.com.br\/index.php\/wp-json\/wp\/v2\/media?parent=437"}],"wp:term":[{"taxonomy":"post_tag","embeddable":true,"href":"https:\/\/boracultura.com.br\/index.php\/wp-json\/wp\/v2\/tags?post=437"},{"taxonomy":"tribe_events_cat","embeddable":true,"href":"https:\/\/boracultura.com.br\/index.php\/wp-json\/wp\/v2\/tribe_events_cat?post=437"}],"curies":[{"name":"wp","href":"https:\/\/api.w.org\/{rel}","templated":true}]}}