{"id":649,"date":"2026-01-14T23:47:39","date_gmt":"2026-01-15T02:47:39","guid":{"rendered":"https:\/\/boracultura.com.br\/?post_type=tribe_events&#038;p=649"},"modified":"2026-01-14T23:54:09","modified_gmt":"2026-01-15T02:54:09","slug":"gostava-mais-dos-pais-2","status":"publish","type":"tribe_events","link":"https:\/\/boracultura.com.br\/index.php\/evento\/gostava-mais-dos-pais-2\/","title":{"rendered":"Gostava Mais dos Pais"},"content":{"rendered":"<p class=\"cm-entry-title\">Bruno Mazzeo e Lucio Mauro Filho apresentam espet\u00e1culo \u201cGostava mais dos pais\u201d em Salvador<\/p>\n<p>Embora o humor corra nas veias de Bruno Mazzeo e Lucio Mauro Filho, carregar o DNA de dois \u00edcones da com\u00e9dia brasileira \u2013 Chico Anysio e Lucio Mauro.- e ainda seguir a mesma profiss\u00e3o n\u00e3o \u00e9 algo trivial. Esse \u00e9 o fio condutor do espet\u00e1culo \u201cGostava mais dos pais\u201d, que ap\u00f3s sucesso fenomenal desembarca para uma curt\u00edssima temporada no Teatro SESC Casa do Com\u00e9rcio, nos dias 29, 30 e 31 de janeiro e 01 de fevereiro.<\/p>\n<p>No espet\u00e1culo, os atores interpretam cerca de dez personagens e v\u00e1rias vers\u00f5es de si mesmos numa s\u00e9rie de esquetes que entrecruzam as suas hist\u00f3rias de vida com temas contempor\u00e2neos, como as barreiras impostas ao humor e a dificuldade de encontrar os seus lugares na era digital, a cultura do cancelamento, a instantaneidade das viraliza\u00e7\u00f5es e as fake news.<\/p>\n<p>\u201cEsse espet\u00e1culo \u00e9, antes de tudo, a celebra\u00e7\u00e3o da grande amizade que nossos pais\u00a0passaram para n\u00f3s. Nossas trajet\u00f3rias se entrela\u00e7aram por conta pr\u00f3pria, repetindo\u00a0uma feliz parceria deles, mas do nosso jeito, no nosso tempo\u201d, resume Lucio.<\/p>\n<p>\u201cNa pe\u00e7a n\u00f3s os usamos para falar sobre a passagem do tempo e a tentativa de entender o\u00a0nosso lugar nesse mundo novo\u201d, completa Bruno.<\/p>\n<p>&nbsp;<\/p>\n<hr \/>\n<p><strong>Servi\u00e7o<\/strong><\/p>\n<p>Data: 29 de janeiro a 01 de fevereiro<br \/>\nLocal: Teatro Sesc Casa do Com\u00e9rcio (Av. Tancredo Neves, 1109, Caminho das \u00c1rvores)<br \/>\nEntrada:\u00a0<a href=\"https:\/\/bileto.sympla.com.br\/event\/114615\/d\/356331\" target=\"_blank\" rel=\"noreferrer noopener\">Ingressos no Sympla<\/a><\/p>\n","protected":false},"excerpt":{"rendered":"<p>Bruno Mazzeo e Lucio Mauro Filho apresentam espet\u00e1culo \u201cGostava mais dos pais\u201d em Salvador Embora o humor corra nas veias<\/p>\n","protected":false},"author":1,"featured_media":381,"template":"","meta":{"colormag_page_container_layout":"default_layout","colormag_page_sidebar_layout":"default_layout","_tribe_events_status":"","_tribe_events_status_reason":"","footnotes":""},"tags":[23,95,18,21],"tribe_events_cat":[96],"class_list":["post-649","tribe_events","type-tribe_events","status-publish","has-post-thumbnail","hentry","tag-teatro","tag-teatro-baiano","tag-teatro-infantil","tag-teatro-salvador","tribe_events_cat-teatro","cat_teatro"],"_links":{"self":[{"href":"https:\/\/boracultura.com.br\/index.php\/wp-json\/wp\/v2\/tribe_events\/649","targetHints":{"allow":["GET"]}}],"collection":[{"href":"https:\/\/boracultura.com.br\/index.php\/wp-json\/wp\/v2\/tribe_events"}],"about":[{"href":"https:\/\/boracultura.com.br\/index.php\/wp-json\/wp\/v2\/types\/tribe_events"}],"author":[{"embeddable":true,"href":"https:\/\/boracultura.com.br\/index.php\/wp-json\/wp\/v2\/users\/1"}],"version-history":[{"count":1,"href":"https:\/\/boracultura.com.br\/index.php\/wp-json\/wp\/v2\/tribe_events\/649\/revisions"}],"predecessor-version":[{"id":650,"href":"https:\/\/boracultura.com.br\/index.php\/wp-json\/wp\/v2\/tribe_events\/649\/revisions\/650"}],"wp:featuredmedia":[{"embeddable":true,"href":"https:\/\/boracultura.com.br\/index.php\/wp-json\/wp\/v2\/media\/381"}],"wp:attachment":[{"href":"https:\/\/boracultura.com.br\/index.php\/wp-json\/wp\/v2\/media?parent=649"}],"wp:term":[{"taxonomy":"post_tag","embeddable":true,"href":"https:\/\/boracultura.com.br\/index.php\/wp-json\/wp\/v2\/tags?post=649"},{"taxonomy":"tribe_events_cat","embeddable":true,"href":"https:\/\/boracultura.com.br\/index.php\/wp-json\/wp\/v2\/tribe_events_cat?post=649"}],"curies":[{"name":"wp","href":"https:\/\/api.w.org\/{rel}","templated":true}]}}