{"id":730,"date":"2026-01-15T08:46:34","date_gmt":"2026-01-15T11:46:34","guid":{"rendered":"https:\/\/boracultura.com.br\/?post_type=tribe_events&#038;p=730"},"modified":"2026-01-15T08:49:21","modified_gmt":"2026-01-15T11:49:21","slug":"730","status":"publish","type":"tribe_events","link":"https:\/\/boracultura.com.br\/index.php\/evento\/730\/","title":{"rendered":"A Revolta dos Pinguins &#8211; Uma com\u00e9dia mal-educada"},"content":{"rendered":"<p><b>Ap\u00f3s temporada de sucesso, A Revolta dos Pinguins retorna nesse ver\u00e3o<\/b><\/p>\n<p><i>Unindo com\u00e9dia e reflex\u00e3o sobre as mazelas do sistema educacional, espet\u00e1culo fica em cartaz de 11\/01 a 08\/02 no Teatro Moli\u00e8re<\/i><\/p>\n<p>Em outubro de 2025, o espet\u00e1culo\u00a0<b>A Revolta dos Pinguins \u2013 Uma Com\u00e9dia Mal educada<\/b>\u00a0estreou com uma curta temporada lotada: foram tr\u00eas apresenta\u00e7\u00f5es com 100% de ocupa\u00e7\u00e3o da plateia do Teatro Moli\u00e8re, em Salvador. Atendendo aos pedidos de quem ficou de fora, a pe\u00e7a dirigida por Diogo Watanabe com texto de Luciana Comin retorna em nova temporada de ver\u00e3o, no mesmo teatro, se apresentando aos domingos de 11\/01 a 08\/02 de 2026, sempre \u00e0s 18h.<\/p>\n<p align=\"justify\">O espet\u00e1culo toma seu nome emprestado de uma das suas inspira\u00e7\u00f5es: a revolta dos estudantes chilenos, apelidados \u201cping\u00fcinos\u201d pelas fardas formais, que sacudiu aquele pa\u00eds em 2006. Esses protestos pelo direito \u00e0 educa\u00e7\u00e3o ecoaram no Brasil em 2015 e 2016, com as ocupa\u00e7\u00f5es de col\u00e9gios por secundaristas brasileiros de S\u00e3o Paulo e outros estados. Foi essa realidade que o espet\u00e1culo decidiu transformar em com\u00e9dia, sem perder a \u00eanfase na reflex\u00e3o.<\/p>\n<p align=\"justify\">Na trama, um grupo de professores se re\u00fane em uma sala da escola que deveria ser de artes, mas hoje funciona como dep\u00f3sito. Ali, discutem um epis\u00f3dio grave do turno da manh\u00e3: uma confus\u00e3o entre a diretora e os estudantes, sangue, pol\u00edcia\u2026 A tens\u00e3o cresce em meio a rumores de ocupa\u00e7\u00f5es estudantis. No meio desse turbilh\u00e3o, as perguntas: onde ficam os professores? S\u00e3o alvos da revolta dos alunos \u2013 ou devem estar nas barricadas com eles? Tudo isso o espet\u00e1culo convida sua plateia a pensar, claro, enquanto d\u00e1 boas risadas com essas figuras que s\u00f3 se encontram numa sala dos professores.<\/p>\n<p align=\"justify\"><b>O teatro vai invadir a sua praia! (ENTENDA A PROMO\u00c7\u00c3O)<\/b><\/p>\n<p align=\"justify\">Em 2026 a pe\u00e7a retorna aos palcos dentro da programa\u00e7\u00e3o de ver\u00e3o do teatro baiano. S\u00e3o oito espet\u00e1culos em cartaz a partir do come\u00e7o de janeiro at\u00e9 a chegada do carnaval: \u201cLos Catedr\u00e1sticos\u201d, \u201cA Revolta dos Pinguins &#8211; uma com\u00e9dia mal-educada\u201d, \u2018Fanta e Pandora &#8211; Uma folia na Cidade Baixa\u201d, \u201cFechadas para Balan\u00e7o\u201d, \u201cVou te Contar!\u201d, \u201cAleluia\u201d, \u201cSonho de Um Homem Rid\u00edculo\u201d e \u201cO Cordel de Maria Cindragrela\u201d.<\/p>\n<p align=\"justify\">Quem compra inteira para uma das 8 produ\u00e7\u00f5es da campanha, tem 40% de desconto no valor da inteira de outro produ\u00e7\u00e3o. Ao comprar o ingresso promocional, solicitaremos comprovante (do Sympla ou canhoto) de outro espet\u00e1culo para valida\u00e7\u00e3o do desconto.<\/p>\n<p align=\"justify\"><b>TECA Teatro e Coletivo-Coletivo<\/b><\/p>\n<p align=\"justify\">\u201cA Revolta dos Pinguins\u201d \u00e9 fruto do Coletivo-Coletivo, que por sua vez teve sua origem no grupo TECA Teatro e Outras Artes. O TECA \u00e9 um grupo teatral baiano criado em 2003 que produz espet\u00e1culos profissionais, dirige uma escola n\u00e3o-formal de artes, e realiza um festival anual e o Observat\u00f3rio Nacional de Teatro para Inf\u00e2ncias e Juventudes. J\u00e1 o Coletivo-Coletivo \u00e9 uma maior de artistas de teatro que se juntou ao TECA e cresceu para al\u00e9m das fronteiras do grupo.<\/p>\n<p align=\"justify\">Em 2025 o Coletivo-Coletivo iniciou um projeto de pesquisa e leitura de textos teatrais focados no tema da educa\u00e7\u00e3o. Dessas pesquisas, surgiu o Projeto 1,2,3 Salve Todos, com a montagem de tr\u00eas espet\u00e1culos em 2025: \u201cEnsinando a Transgredir\u201d, com dire\u00e7\u00e3o de Marconi Arap, \u201cCartas de Gaza\u201d, com dire\u00e7\u00e3o de Sergio Farias, e este espet\u00e1culo, \u201cA Revolta dos Pinguins\u201d. Primeira dire\u00e7\u00e3o c\u00eanica de Diogo Watanabe, \u201cPinguins\u201d foi concebido em um processo coletivo e experimental: como enfatizado no nome do grupo Coletivo-Coletivo, a horizontalidade e colabora\u00e7\u00e3o s\u00e3o centrais.<br \/>\n<b><br \/>\nFICHA T\u00c9CNICA<\/b>:<\/p>\n<p align=\"justify\">Realiza\u00e7\u00e3o: Grupo TECA Teatro e Teatro Moli\u00e8re<\/p>\n<p align=\"justify\">Dire\u00e7\u00e3o: Diogo Watanabe<\/p>\n<p align=\"justify\">Texto: Luciana Comin<\/p>\n<p align=\"justify\">Concep\u00e7\u00e3o c\u00eanica: Diogo Watanabe e elenco<\/p>\n<p align=\"justify\">Elenco: Iara Colina, Igor Epif\u00e2nio, Luciana Comin, mano leone, Myriam Galv\u00e3o e Vanja Veridiano<\/p>\n<p align=\"justify\">Trilha sonora: Ilma Nascimento<\/p>\n<p align=\"justify\">Ilumina\u00e7\u00e3o: Cec\u00edlia Vasconcelos<\/p>\n<p align=\"justify\"><span lang=\"it-IT\">Cenografia: Gabriel Nascimento e Marconi Arap<\/span><\/p>\n<p align=\"justify\">Figurinos: Lando Augusto<\/p>\n<p align=\"justify\">Programa\u00e7\u00e3o visual: Camilo Fr\u00f3es<\/p>\n<p align=\"justify\">Assist\u00eancia: Fellipe Fran\u00e7a<\/p>\n<p align=\"justify\">Opera\u00e7\u00e3o de som: Fellipe Fran\u00e7a<\/p>\n<p align=\"justify\">Opera\u00e7\u00e3o de luz: Cec\u00edlia Vasconcelos<\/p>\n<p align=\"justify\">Assessoria de imprensa: Caio Valente<\/p>\n<p align=\"justify\"><b>SERVI\u00c7O<\/b><\/p>\n<p align=\"justify\">Espet\u00e1culo \u201cA Revolta dos Pinguins\u201d<\/p>\n<p align=\"justify\">Quando: Domingos de 11\/01 a 08\/02, sempre \u00e0s 18h.<\/p>\n<p align=\"justify\">Onde: Teatro Moli\u00e8re na Alian\u00e7a Francesa, Av Sete de Setembro, 401, Barra. 40130-000, Salvador<\/p>\n<p align=\"justify\">Ingressos: R$ 50,00 (inteira) e R$ 25,00 (meia) atrav\u00e9s da plataforma Sympla<\/p>\n<p>&nbsp;<\/p>\n<p align=\"justify\">Professores pagam meia entrada, mediante comprova\u00e7\u00e3o na bilheteria.<\/p>\n","protected":false},"excerpt":{"rendered":"<p>Ap\u00f3s temporada de sucesso, A Revolta dos Pinguins retorna nesse ver\u00e3o Unindo com\u00e9dia e reflex\u00e3o sobre as mazelas do sistema<\/p>\n","protected":false},"author":1,"featured_media":732,"template":"","meta":{"colormag_page_container_layout":"default_layout","colormag_page_sidebar_layout":"default_layout","_tribe_events_status":"","_tribe_events_status_reason":"","footnotes":""},"tags":[35,109,117,89,23],"tribe_events_cat":[96],"class_list":["post-730","tribe_events","type-tribe_events","status-publish","has-post-thumbnail","hentry","tag-bahia","tag-comedia","tag-espetaculo","tag-salvador","tag-teatro","tribe_events_cat-teatro","cat_teatro"],"_links":{"self":[{"href":"https:\/\/boracultura.com.br\/index.php\/wp-json\/wp\/v2\/tribe_events\/730","targetHints":{"allow":["GET"]}}],"collection":[{"href":"https:\/\/boracultura.com.br\/index.php\/wp-json\/wp\/v2\/tribe_events"}],"about":[{"href":"https:\/\/boracultura.com.br\/index.php\/wp-json\/wp\/v2\/types\/tribe_events"}],"author":[{"embeddable":true,"href":"https:\/\/boracultura.com.br\/index.php\/wp-json\/wp\/v2\/users\/1"}],"version-history":[{"count":2,"href":"https:\/\/boracultura.com.br\/index.php\/wp-json\/wp\/v2\/tribe_events\/730\/revisions"}],"predecessor-version":[{"id":736,"href":"https:\/\/boracultura.com.br\/index.php\/wp-json\/wp\/v2\/tribe_events\/730\/revisions\/736"}],"wp:featuredmedia":[{"embeddable":true,"href":"https:\/\/boracultura.com.br\/index.php\/wp-json\/wp\/v2\/media\/732"}],"wp:attachment":[{"href":"https:\/\/boracultura.com.br\/index.php\/wp-json\/wp\/v2\/media?parent=730"}],"wp:term":[{"taxonomy":"post_tag","embeddable":true,"href":"https:\/\/boracultura.com.br\/index.php\/wp-json\/wp\/v2\/tags?post=730"},{"taxonomy":"tribe_events_cat","embeddable":true,"href":"https:\/\/boracultura.com.br\/index.php\/wp-json\/wp\/v2\/tribe_events_cat?post=730"}],"curies":[{"name":"wp","href":"https:\/\/api.w.org\/{rel}","templated":true}]}}