{"id":860,"date":"2026-01-19T14:32:43","date_gmt":"2026-01-19T17:32:43","guid":{"rendered":"https:\/\/boracultura.com.br\/?post_type=tribe_events&#038;p=860"},"modified":"2026-01-19T14:34:10","modified_gmt":"2026-01-19T17:34:10","slug":"o-liquidificador-de-midias","status":"publish","type":"tribe_events","link":"https:\/\/boracultura.com.br\/index.php\/evento\/o-liquidificador-de-midias\/","title":{"rendered":"O Liquidificador de M\u00eddias"},"content":{"rendered":"<h3>COATO Coletivo realiza o Liquidificador de M\u00eddias \u2013 Ano 6 de 21 a 23 de janeiro na Casa do Benin<\/h3>\n<p>Entre pesquisa, experimenta\u00e7\u00e3o e cria\u00e7\u00e3o, o projeto Liquidificador de M\u00eddias &#8211; idealizado pelo COATO Coletivo &#8211; chega a sua sexta edi\u00e7\u00e3o entre os dias 21 e 23 de janeiro de 2026, na Casa do Benin (Pelourinho), com o tema &#8220;Expans\u00e3o de territ\u00f3rios art\u00edsticos: entre o local e o global&#8221;. Realizado desde 2017, o evento se consolida como um espa\u00e7o de encontro entre diferentes campos da cria\u00e7\u00e3o art\u00edstica contempor\u00e2nea, em uma programa\u00e7\u00e3o interdisciplinar que tensiona permanentemente os modos de pensar e fazer arte.<\/p>\n<p>Durante os tr\u00eas dias, o Liquidificador de M\u00eddias prop\u00f5e um di\u00e1logo com o p\u00fablico, pesquisadores e artistas sobre sobre territ\u00f3rio, identidade e mem\u00f3ria, atrelado \u00e0s experi\u00eancias no Brasil e em outros territ\u00f3rios. O tema tamb\u00e9m contempla as possibilidades de interconex\u00e3o digital com outros locais, permitindo a troca de saberes com comunidades em diferentes partes do planeta, fortalecendo redes de cria\u00e7\u00e3o, pensamento cr\u00edtico e circula\u00e7\u00e3o simb\u00f3lica.<\/p>\n<p>Atividades<\/p>\n<p>A programa\u00e7\u00e3o tem in\u00edcio na quarta-feira (21), das 10h \u00e0s 12h, com a Workshop &#8220;Ch\u00e3o que somos&#8221;, conduzida por Caboclo de Cobre, com inscri\u00e7\u00f5es gratuitas atrav\u00e9s de formul\u00e1rio dispon\u00edvel no perfil @coatocoletivo no Instagram. A viv\u00eancia prop\u00f5e uma refunda\u00e7\u00e3o da hist\u00f3ria para o desvelamento da real identidade, tendo as palavras &#8220;comunidade&#8221; e &#8220;ancestralidade&#8221; como pilares metodol\u00f3gicos.<\/p>\n<p>Caboclo de Cobre realizar\u00e1 uma pr\u00e1tica que tem como objetivo restaurar o apagamento das contribui\u00e7\u00f5es ind\u00edgenas e afro-brasileiras na constru\u00e7\u00e3o identit\u00e1ria\u00a0 do povo brasileiro. &#8220;Salvador \u00e9 territ\u00f3rio sagrado ind\u00edgena, \u00e9 territ\u00f3rio Tupinamb\u00e1. Ch\u00e3o Que Somos \u00e9 um despertar de sensa\u00e7\u00f5es de pertencimento e de familiaridade \u00e0 matriz origin\u00e1ria do Brasil e busca atrav\u00e9s da ritualiza\u00e7\u00e3o agu\u00e7ar os sentidos dos part\u00edcipes para a percep\u00e7\u00e3o destas culturas no dia a dia da urbanidade&#8221;, destaca Caboclo de Cobre.<\/p>\n<p>O processo se desenvolve em tr\u00eas etapas \u2014 investiga\u00e7\u00e3o, experimenta\u00e7\u00e3o e cria\u00e7\u00e3o \u2014 articulando pr\u00e1ticas corporais, t\u00e9cnicas vocais, ritualiza\u00e7\u00f5es, cultura oral e narrativas pessoais, culminando na constru\u00e7\u00e3o de estados de presen\u00e7a e performance que reafirmam o corpo como espa\u00e7o de mem\u00f3ria, identidade e insurg\u00eancia. A oficina resulta numa cria\u00e7\u00e3o performativa coletiva. A atividade \u00e9 voltada para pessoas a partir de 18 anos.<\/p>\n<p>\u00c0s 14h, acontece a Mostra de Curtas, com curadoria das artistas e pesquisadoras Ixchel Castro e Natielly Santos &#8211; integrantes do COATO Coletivo. A sele\u00e7\u00e3o re\u00fane obras que abordam din\u00e2micas de resist\u00eancia e reexist\u00eancia de comunidades e povos tradicionais da Bahia, mapeando a defesa de territ\u00f3rios, culturas e modos de vida frente \u00e0 desigualdade social, \u00e0 especula\u00e7\u00e3o imobili\u00e1ria e ao capital extrativista, sem abrir m\u00e3o do olhar po\u00e9tico da arte.<\/p>\n<p>Integram a mostra os curtas\u00a0&#8220;SSA \u2013 Suspiros e Sussurros de Acordar&#8221; &#8211;\u00a0de Heder Novaes e Mirian Fonseca (2024),\u00a0&#8220;N\u00e3o consigo respirar&#8221;\u00a0&#8211; com dire\u00e7\u00e3o de\u00a0 Lucas Sato (2020), al\u00e9m de uma produ\u00e7\u00e3o audiovisual resultante dos experimentos realizados durante o Lab.Ex \u2013 Laborat\u00f3rio de Experimenta\u00e7\u00e3o C\u00eanica na circula\u00e7\u00e3o do COATO em Len\u00e7\u00f3is, Barreiras e Cachoeira no segundo semestre de 2025.<\/p>\n<p>Ainda no primeiro dia, \u00e0s 15h30, ocorre a apresenta\u00e7\u00e3o do espet\u00e1culo &#8220;\u00c1rvore-ser&#8221;, seguida de bate-papo. A obra, idealizada e performada pelo dan\u00e7arino Thiago Cohen, \u00e9 uma investiga\u00e7\u00e3o corpo\/po\u00e9tica que nasce da experi\u00eancia do vazio durante a pandemia da Covid-19 e do estudo do tempo em rela\u00e7\u00e3o \u00e0s entidades \u00c1rvores que resistem no caos urbano. A proposta se constr\u00f3i como um rito de descoberta de um corpo da espera, que busca ra\u00edzes, denuncia a desconex\u00e3o corpo\/natureza e convoca o devir \u00e1rvore como pot\u00eancia po\u00e9tica e pol\u00edtica.<\/p>\n<p>Na quinta-feira (22), a programa\u00e7\u00e3o retoma pela manh\u00e3 com a continuidade da oficina de teatro com Caboclo de Cobre, das 10h \u00e0s 12h. J\u00e1 no per\u00edodo da tarde, das 14h \u00e0s 15h30, acontece a Mesa Redonda &#8220;Arte e terra: pela dignidade de existir&#8221;, com a participa\u00e7\u00e3o da deputada estadual Lucinha do MST, da artista transdisciplinar e mestra em antropologia Clara Domingas e do professor antirracista e agente territorial de cultura Fernando Ferreira.<\/p>\n<p>A mesa prop\u00f5e o di\u00e1logo de saberes e experi\u00eancias sobre a defesa do territ\u00f3rio \u2014 planeta e corpo \u2014, a luta pela (re)exist\u00eancia digna dos povos e a preserva\u00e7\u00e3o dos entornos naturais frente ao &#8220;cis-tema&#8221; que opera a destrui\u00e7\u00e3o do que n\u00e3o lhe representa, enfatizando o impacto social, simb\u00f3lico e ancestral do agir coletivo na pol\u00edtica e na arte.<\/p>\n<p>\u00c0s 15h30, o p\u00fablico \u00e9 convidado para o Slam, com a participa\u00e7\u00e3o da trupe Slam D\u00ea Ideia &#8211; formado por slamers da Cidade Baixa em Salvador, em uma batalha de poesia, m\u00fasica e resist\u00eancia que transforma o Liquidificador em espa\u00e7o de troca de olhares, alegria e coletividade, celebrando a palavra como ferramenta de mobiliza\u00e7\u00e3o e pertencimento.<\/p>\n<p>Encerrando a programa\u00e7\u00e3o, na sexta-feira (23), \u00e0s 15h, acontece a apresenta\u00e7\u00e3o da palestra-performance &#8220;Inflexo Teatro&#8221;, seguida de bate-papo. O trabalho, de Danilo Lima, discute a linguagem teatral a partir de uma perspectiva cr\u00edtica, refletindo sobre os processos de coloniza\u00e7\u00e3o, catequiza\u00e7\u00e3o e apagamento cultural operados desde o per\u00edodo colonial, ao mesmo tempo em que prop\u00f5e deslocamentos est\u00e9ticos e pol\u00edticos para a cena contempor\u00e2nea.<\/p>\n<p>O Liquidificador de M\u00eddias \u2013 Ano 6 reafirma-se como espa\u00e7o de experimenta\u00e7\u00e3o, escuta, interc\u00e2mbio e produ\u00e7\u00e3o de pensamento cr\u00edtico sobre as artes, os territ\u00f3rios e as m\u00faltiplas formas de exist\u00eancia, fortalecendo conex\u00f5es entre pr\u00e1ticas locais e debates globais, entre ancestralidade, tecnologia, presen\u00e7a e futuros poss\u00edveis. Esta sexta edi\u00e7\u00e3o est\u00e1 atrelada ao projeto de manuten\u00e7\u00e3o &#8220;Territ\u00f3rio Expandido: Arte Local e Global&#8221;, que marca o fortalecimento da pesquisa continuada do COATO.<\/p>\n<p>Este projeto foi contemplado nos Editais da Pol\u00edtica Nacional Aldir Blanc Bahia e tem apoio financeiro do Governo do Estado da Bahia, por meio da Secretaria de Cultura do Estado via PNAB, direcionada pelo Minist\u00e9rio da Cultura &#8211; Governo Federal.<\/p>\n<p>SERVI\u00c7O<\/p>\n<p>O qu\u00ea:\u00a0Liquidificador de M\u00eddias \u2013 Ano 6 |\u00a0Expans\u00e3o de territ\u00f3rios art\u00edsticos: entre o local e o global\u00a0&#8211; COATO COLETIVO<\/p>\n<p>Quando:\u00a021 a 23 de janeiro de 2026<\/p>\n<p>Onde:\u00a0Casa do Benin \u2013 Pelourinho, Salvador (BA)<\/p>\n<p>Programa\u00e7\u00e3o:\u00a0Workshops, mostra de curtas, espet\u00e1culo, mesa redonda, slam e palestra-performance<\/p>\n<p>Inscri\u00e7\u00f5es:\u00a0Workshop gratuita, via formul\u00e1rio dispon\u00edvel no Instagram @coatocoletivo<\/p>\n<p>Quanto:\u00a0GratuitoInforma\u00e7\u00f5es:\u00a0@coatocoletivo (Instagram)<\/p>\n","protected":false},"excerpt":{"rendered":"<p>COATO Coletivo realiza o Liquidificador de M\u00eddias \u2013 Ano 6 de 21 a 23 de janeiro na Casa do Benin<\/p>\n","protected":false},"author":1,"featured_media":854,"template":"","meta":{"colormag_page_container_layout":"default_layout","colormag_page_sidebar_layout":"default_layout","_tribe_events_status":"","_tribe_events_status_reason":"","footnotes":""},"tags":[],"tribe_events_cat":[145],"class_list":["post-860","tribe_events","type-tribe_events","status-publish","has-post-thumbnail","hentry","tribe_events_cat-workshop","cat_workshop"],"_links":{"self":[{"href":"https:\/\/boracultura.com.br\/index.php\/wp-json\/wp\/v2\/tribe_events\/860","targetHints":{"allow":["GET"]}}],"collection":[{"href":"https:\/\/boracultura.com.br\/index.php\/wp-json\/wp\/v2\/tribe_events"}],"about":[{"href":"https:\/\/boracultura.com.br\/index.php\/wp-json\/wp\/v2\/types\/tribe_events"}],"author":[{"embeddable":true,"href":"https:\/\/boracultura.com.br\/index.php\/wp-json\/wp\/v2\/users\/1"}],"version-history":[{"count":1,"href":"https:\/\/boracultura.com.br\/index.php\/wp-json\/wp\/v2\/tribe_events\/860\/revisions"}],"predecessor-version":[{"id":863,"href":"https:\/\/boracultura.com.br\/index.php\/wp-json\/wp\/v2\/tribe_events\/860\/revisions\/863"}],"wp:featuredmedia":[{"embeddable":true,"href":"https:\/\/boracultura.com.br\/index.php\/wp-json\/wp\/v2\/media\/854"}],"wp:attachment":[{"href":"https:\/\/boracultura.com.br\/index.php\/wp-json\/wp\/v2\/media?parent=860"}],"wp:term":[{"taxonomy":"post_tag","embeddable":true,"href":"https:\/\/boracultura.com.br\/index.php\/wp-json\/wp\/v2\/tags?post=860"},{"taxonomy":"tribe_events_cat","embeddable":true,"href":"https:\/\/boracultura.com.br\/index.php\/wp-json\/wp\/v2\/tribe_events_cat?post=860"}],"curies":[{"name":"wp","href":"https:\/\/api.w.org\/{rel}","templated":true}]}}