{"id":887,"date":"2026-01-21T10:48:37","date_gmt":"2026-01-21T13:48:37","guid":{"rendered":"https:\/\/boracultura.com.br\/?post_type=tribe_events&#038;p=887"},"modified":"2026-01-21T10:48:37","modified_gmt":"2026-01-21T13:48:37","slug":"prima-facie-15","status":"publish","type":"tribe_events","link":"https:\/\/boracultura.com.br\/index.php\/evento\/prima-facie-15\/","title":{"rendered":"PRIMA FACIE"},"content":{"rendered":"<p>Espet\u00e1culo \u2018Prima Facie\u2019, protagonizado por D\u00e9bora Falabella, ter\u00e1 temporada em Salvador, de 22\/01 a 09\/02, com realiza\u00e7\u00e3o do CCBB Salvador.<\/p>\n<div class=\"elementor-element elementor-element-60e21cc e-flex e-con-full e-con e-parent e-lazyloaded\" data-id=\"60e21cc\" data-element_type=\"container\">\n<div class=\"elementor-element elementor-element-86e8d72 elementor-widget elementor-widget-ccbb-paragrafo-com-download\" data-id=\"86e8d72\" data-element_type=\"widget\" data-widget_type=\"ccbb-paragrafo-com-download.default\">\n<div class=\"elementor-widget-container\">\n<div class=\"container mx-auto px-4 py-12\">\n<div class=\"text-lg space-y-4 font-light\">\n<p>Desde sua estreia em Londres, em 2022, Prima Facie, de Suzie Miller, tornou-se um marco global. A pe\u00e7a n\u00e3o apenas conquistou a Broadway e o West End, mas tamb\u00e9m provocou mudan\u00e7as reais em leis brit\u00e2nicas e levou sua autora a debater na Assembleia da ONU sobre o combate ao abuso contra mulheres.<\/p>\n<p>No Brasil, a montagem \u00e9 estrelada por D\u00e9bora Falabella em seu primeiro solo teatral, com dire\u00e7\u00e3o de Yara de Novaes. A obra j\u00e1 passou por Bras\u00edlia, Curitiba e S\u00e3o Paulo, onde manteve oito meses de sess\u00f5es lotadas, atraindo figuras importantes do judici\u00e1rio brasileiro para debates profundos sobre o sistema legal e a condi\u00e7\u00e3o feminina.<\/p>\n<div id=\"borac-3097262635\" class=\"borac-publicidade-no-post borac-highlight-wrapper\"><\/div>\n<div id=\"borac-808657519\" class=\"borac-publicidade-no-post borac-highlight-wrapper\"><\/div>\n<\/div>\n<\/div>\n<\/div>\n<\/div>\n<div class=\"elementor-element elementor-element-0d11e5f elementor-widget elementor-widget-titulo-ccbb\" data-id=\"0d11e5f\" data-element_type=\"widget\" data-widget_type=\"titulo-ccbb.default\">\n<div class=\"elementor-widget-container\">\n<div class=\"container\"><strong>Sinopse<\/strong><br \/>\nD\u00e9bora vive Tessa, uma advogada brilhante que fez carreira defendendo acusados de viol\u00eancia sexual. De origem humilde, ela alcan\u00e7ou o topo do complexo mundo jur\u00eddico. No entanto, um acontecimento inesperado a obriga a encarar o sistema por outro \u00e2ngulo, for\u00e7ando-a a confrontar as tensas rela\u00e7\u00f5es entre poder, lei e a experi\u00eancia feminina.<\/div>\n<\/div>\n<\/div>\n<\/div>\n<div class=\"elementor-element elementor-element-1372c6a e-flex e-con-full e-con e-parent e-lazyloaded\" data-id=\"1372c6a\" data-element_type=\"container\">\n<div class=\"elementor-element elementor-element-88a24a4 elementor-widget elementor-widget-titulo-ccbb\" data-id=\"88a24a4\" data-element_type=\"widget\" data-widget_type=\"titulo-ccbb.default\">\n<div class=\"elementor-widget-container\">\n<div><\/div>\n<div class=\"container\"><strong>Sobre D\u00e9bora Falabella<\/strong><br \/>\nD\u00e9bora Falabella consolidou-se como um dos maiores nomes da televis\u00e3o brasileira atrav\u00e9s de interpreta\u00e7\u00f5es intensas e personagens que marcaram \u00e9poca. Entre seus trabalhos mais emblem\u00e1ticos est\u00e3o a jovem Mel em O Clone, que lhe rendeu reconhecimento nacional, e a protagonista Nina no fen\u00f4meno mundial Avenida Brasil. Recentemente, destacou-se na s\u00e9rie Aruanas e na novela Terra e Paix\u00e3o, reafirmando sua versatilidade em pap\u00e9is de grande apelo dram\u00e1tico e social.<\/div>\n<div><\/div>\n<\/div>\n<\/div>\n<\/div>\n<div class=\"elementor-element elementor-element-69a76e3 e-flex e-con-full e-con e-parent e-lazyloaded\" data-id=\"69a76e3\" data-element_type=\"container\">\n<div class=\"elementor-element elementor-element-7e0dafe elementor-widget elementor-widget-ccbb-paragrafo-com-download\" data-id=\"7e0dafe\" data-element_type=\"widget\" data-widget_type=\"ccbb-paragrafo-com-download.default\">\n<div class=\"elementor-widget-container\">\n<div class=\"container mx-auto px-4 py-12\">\n<div class=\"text-lg space-y-4 font-light\">\n<div class=\"Y3BBE\" data-sfc-cp=\"\" data-hveid=\"CAEIAxAA\" data-processed=\"true\">No cinema, sua trajet\u00f3ria \u00e9 igualmente prestigiada, estrelando cl\u00e1ssicos como Lisbela e o Prisioneiro e produ\u00e7\u00f5es densas como 2 Perdidos numa Noite Suja, papel que lhe rendeu o pr\u00eamio de Melhor Atriz no Festival de Gramado. Com passagens por sucessos como O Bem Amado e o recente Depois a Louca Sou Eu, D\u00e9bora acumula mais de duas d\u00e9cadas de relev\u00e2ncia nas telas, equilibrando o apelo popular com o reconhecimento da cr\u00edtica especializada.<\/div>\n<\/div>\n<div data-sfc-cp=\"\" data-hveid=\"CAEIAxAA\" data-processed=\"true\">\n<div class=\"elementor-element elementor-element-af77abd elementor-widget elementor-widget-titulo-ccbb\" data-id=\"af77abd\" data-element_type=\"widget\" data-widget_type=\"titulo-ccbb.default\">\n<div class=\"elementor-widget-container\">\n<div class=\"container\">\n<p class=\"ccbb-titulo text-2xl font-bold text-left leading-tight tracking-tight\"><strong>Ficha t\u00e9cnica<br \/>\n<\/strong>Texto: Suzie Miler<br \/>\nDire\u00e7\u00e3o:\u00a0Yara de Novaes<\/p>\n<\/div>\n<\/div>\n<\/div>\n<div class=\"elementor-element elementor-element-b20edba elementor-widget elementor-widget-ccbb-paragrafo-com-download\" data-id=\"b20edba\" data-element_type=\"widget\" data-widget_type=\"ccbb-paragrafo-com-download.default\">\n<div class=\"elementor-widget-container\">\n<div class=\"container mx-auto px-4 py-12\">\n<div class=\"text-lg space-y-4 font-light\">\n<p>Tradu\u00e7\u00e3o:\u00a0Alexandre Ten\u00f3rio<br \/>\nCen\u00e1rio:\u00a0Andr\u00e9 Cortez<br \/>\nFigurino:\u00a0Fabio Namatame<br \/>\nIlumina\u00e7\u00e3o:\u00a0Wagner Antonio<br \/>\nTrilha Sonora:\u00a0Morris<\/p>\n<p>Consultoria jur\u00eddica:\u00a0Maria Luiza Gomes e Mateus Monteiro<br \/>\nAssistentes de dire\u00e7\u00e3o:\u00a0Ivy Souza e Renan Ferreira<br \/>\nCoordena\u00e7\u00e3o administrativa:\u00a0Coarte<br \/>\nAssessoria de Comunica\u00e7\u00e3o:\u00a0Pedro Neves \/ Cl\u00edmax Conte\u00fado<\/p>\n<p>Produ\u00e7\u00e3o Executiva:\u00a0Catarina Milani<br \/>\nDire\u00e7\u00e3o de Produ\u00e7\u00e3o: Edson Fieschi e Luciano Borges<br \/>\nRealiza\u00e7\u00e3o:\u00a0Borges &amp; Fieschi Produ\u00e7\u00f5es e Antes do Nome<\/p>\n<p><strong>Servi\u00e7o<\/strong><br \/>\nLocal:\u00a0Teatro Jorge Amado (Av. Manoel Dias da Silva, 2177 \u2013 Pituba, Salvador)<br \/>\nPer\u00edodo:\u00a0de 22 de janeiro a 09 de fevereiro de 2026<br \/>\nFuncionamento:\u00a0Quinta, Sexta, S\u00e1bado e Segunda, as 19h | Domingo as 18h<br \/>\n<a href=\"https:\/\/bileto.sympla.com.br\/event\/114956\/d\/358740\">Ingressos:<\/a>\u00a0R$30 | R$15 (Clientes Banco do Brasil pagam meia entrada)<\/p>\n<p><strong>Foto: Annelize Tozetto<\/strong><\/p>\n<\/div>\n<\/div>\n<\/div>\n<\/div>\n<\/div>\n<\/div>\n<\/div>\n<\/div>\n<\/div>\n","protected":false},"excerpt":{"rendered":"<p>Espet\u00e1culo \u2018Prima Facie\u2019, protagonizado por D\u00e9bora Falabella, ter\u00e1 temporada em Salvador, de 22\/01 a 09\/02, com realiza\u00e7\u00e3o do CCBB Salvador.<\/p>\n","protected":false},"author":1,"featured_media":823,"template":"","meta":{"colormag_page_container_layout":"default_layout","colormag_page_sidebar_layout":"default_layout","_tribe_events_status":"","_tribe_events_status_reason":"","footnotes":""},"tags":[],"tribe_events_cat":[96],"class_list":["post-887","tribe_events","type-tribe_events","status-publish","has-post-thumbnail","hentry","tribe_events_cat-teatro","cat_teatro"],"_links":{"self":[{"href":"https:\/\/boracultura.com.br\/index.php\/wp-json\/wp\/v2\/tribe_events\/887","targetHints":{"allow":["GET"]}}],"collection":[{"href":"https:\/\/boracultura.com.br\/index.php\/wp-json\/wp\/v2\/tribe_events"}],"about":[{"href":"https:\/\/boracultura.com.br\/index.php\/wp-json\/wp\/v2\/types\/tribe_events"}],"author":[{"embeddable":true,"href":"https:\/\/boracultura.com.br\/index.php\/wp-json\/wp\/v2\/users\/1"}],"version-history":[{"count":1,"href":"https:\/\/boracultura.com.br\/index.php\/wp-json\/wp\/v2\/tribe_events\/887\/revisions"}],"predecessor-version":[{"id":888,"href":"https:\/\/boracultura.com.br\/index.php\/wp-json\/wp\/v2\/tribe_events\/887\/revisions\/888"}],"wp:featuredmedia":[{"embeddable":true,"href":"https:\/\/boracultura.com.br\/index.php\/wp-json\/wp\/v2\/media\/823"}],"wp:attachment":[{"href":"https:\/\/boracultura.com.br\/index.php\/wp-json\/wp\/v2\/media?parent=887"}],"wp:term":[{"taxonomy":"post_tag","embeddable":true,"href":"https:\/\/boracultura.com.br\/index.php\/wp-json\/wp\/v2\/tags?post=887"},{"taxonomy":"tribe_events_cat","embeddable":true,"href":"https:\/\/boracultura.com.br\/index.php\/wp-json\/wp\/v2\/tribe_events_cat?post=887"}],"curies":[{"name":"wp","href":"https:\/\/api.w.org\/{rel}","templated":true}]}}